{"id":372,"date":"2016-03-15T06:39:00","date_gmt":"2016-03-15T06:39:00","guid":{"rendered":"http:\/\/aluksne.lv\/jauna1\/?page_id=372"},"modified":"2026-01-16T13:15:07","modified_gmt":"2026-01-16T11:15:07","slug":"gada-lielakie-kulturas-pasakumi","status":"publish","type":"page","link":"https:\/\/aluksne.lv\/index.php\/kultura\/gada-lielakie-kulturas-pasakumi\/","title":{"rendered":"Al\u016bksnes novada noz\u012bm\u012bg\u0101kie pas\u0101kumi 2026. gad\u0101"},"content":{"rendered":"<div id=\"pl-372\"  class=\"panel-layout\" ><div id=\"pg-372-0\"  class=\"panel-grid panel-no-style\" ><div id=\"pgc-372-0-0\"  class=\"panel-grid-cell\" ><div id=\"panel-372-0-0-0\" class=\"so-panel widget widget_sow-editor panel-first-child panel-last-child\" data-index=\"0\" ><div\n\t\t\t\n\t\t\tclass=\"so-widget-sow-editor so-widget-sow-editor-base\"\n\t\t\t\n\t\t>\n<div class=\"siteorigin-widget-tinymce textwidget\">\n\t<p>&nbsp;<\/p>\n<table width=\"642\">\n<tbody>\n<tr>\n<td width=\"113\"><strong>Norises laiks<\/strong><\/td>\n<td width=\"331\"><strong>Pas\u0101kums<\/strong><\/td>\n<td width=\"198\"><strong>Norises vieta<\/strong><\/td>\n<\/tr>\n<tr>\n<td width=\"113\">&nbsp;<\/td>\n<td width=\"331\"><strong>JANV\u0100RIS<\/strong><\/td>\n<td width=\"198\">&nbsp;<\/td>\n<\/tr>\n<tr>\n<td width=\"113\">10.01.<\/td>\n<td width=\"331\">Pianista Vestarda \u0160imkus koncerts<\/td>\n<td width=\"198\">Al\u016bksnes Kult\u016bras centrs<\/td>\n<\/tr>\n<tr>\n<td width=\"113\">17.-20.01.<\/td>\n<td width=\"331\">Barik\u0101d\u0113m 35<\/td>\n<td width=\"198\">Al\u016bksnes novads<\/td>\n<\/tr>\n<tr>\n<td width=\"113\">17.01.<\/td>\n<td width=\"331\">Laurim Amantovam-50. Jubilejas koncerts<\/td>\n<td width=\"198\">Al\u016bksnes Kult\u016bras centrs<\/td>\n<\/tr>\n<tr>\n<td width=\"113\">24.01.<\/td>\n<td width=\"331\">Latvijas Pr\u0101ta sp\u0113les<\/td>\n<td width=\"198\">Al\u016bksnes Kult\u016bras centrs<\/td>\n<\/tr>\n<tr>\n<td width=\"113\">31.01.<\/td>\n<td width=\"331\">Piemi\u0146as gr\u0101matas atv\u0113r\u0161ana ilggad\u0113jai repres\u0113to kluba Sarma vad\u012bt\u0101jai Dzidrai Mazikai<\/td>\n<td width=\"198\">Al\u016bksnes Kult\u016bras centrs<\/td>\n<\/tr>\n<tr>\n<td width=\"113\">31.01.<\/td>\n<td width=\"331\">Ziemas diena \u0123imen\u0113m<\/td>\n<td width=\"198\">Alsvi\u0137i<\/td>\n<\/tr>\n<tr>\n<td width=\"113\">&nbsp;<\/td>\n<td width=\"331\"><strong>FEBRU\u0100RIS<\/strong><\/td>\n<td width=\"198\">&nbsp;<\/td>\n<\/tr>\n<tr>\n<td width=\"113\">07.02.<\/td>\n<td width=\"331\">Deju kolekt\u012bvu sadancis \u201cIel\u016bdz ,\u0112rman\u012btis\u201d\u201d<\/td>\n<td width=\"198\">Malienas tautas nams<\/td>\n<\/tr>\n<tr>\n<td width=\"113\">07.02.<\/td>\n<td width=\"331\">Jaunie\u0161u deju kolekt\u012bvu sadancis<\/td>\n<td width=\"198\">Al\u016bksnes Kult\u016bras centrs<\/td>\n<\/tr>\n<tr>\n<td width=\"113\">14.02.<\/td>\n<td width=\"331\">Deju kolekt\u012bvu sadancis<\/td>\n<td width=\"198\">Jaunannas tautas nams<\/td>\n<\/tr>\n<tr>\n<td width=\"113\">20.02.<\/td>\n<td width=\"331\">Somu kauju Al\u016bksn\u0113 piemi\u0146as diena\/ piemi\u0146as pl\u0101ksnes atkl\u0101\u0161ana<\/td>\n<td width=\"198\">Al\u016bksne, Beja<\/td>\n<\/tr>\n<tr>\n<td width=\"113\">21.02.<\/td>\n<td width=\"331\">Tradicion\u0101lie \u201cSaules un pank\u016bku sv\u0113tki\u201d<\/td>\n<td width=\"198\">Pededzes tautas nams<\/td>\n<\/tr>\n<tr>\n<td width=\"113\">28.02.<\/td>\n<td width=\"331\">Agrim Veismanim - 65. Deju kolekt\u012bvu koncerts \u201cMazliet cit\u0101di. Ar \u201codzi\u0146u\u201d.<\/td>\n<td width=\"198\">Al\u016bksnes Kult\u016bras centrs<\/td>\n<\/tr>\n<tr>\n<td width=\"113\">&nbsp;<\/td>\n<td width=\"331\"><strong>MARTS<\/strong><\/td>\n<td width=\"198\">&nbsp;<\/td>\n<\/tr>\n<tr>\n<td width=\"113\">15.03.<\/td>\n<td width=\"331\">Novada vok\u0101lo ansamb\u013cu sv\u0113tki\/skate<\/td>\n<td width=\"198\">Al\u016bksnes Kult\u016bras centrs<\/td>\n<\/tr>\n<tr>\n<td width=\"113\">21.03.<\/td>\n<td width=\"331\">Skolot\u0101ju korim Atzele- 40. Jubilejas koncerts<\/td>\n<td width=\"198\">Al\u016bksnes Kult\u016bras centrs<\/td>\n<\/tr>\n<tr>\n<td width=\"113\">22.03.<\/td>\n<td width=\"331\">Al\u016bksnes, Balvu, Gulbenes jaunie\u0161u deju kolekt\u012bvu skate<\/td>\n<td width=\"198\">Al\u016bksnes Kult\u016bras centrs<\/td>\n<\/tr>\n<tr>\n<td width=\"113\">25. 03.<\/td>\n<td width=\"331\">Atceres pas\u0101kumi 1949. gada represij\u0101m<\/td>\n<td width=\"198\">Al\u016bksne, novads<\/td>\n<\/tr>\n<tr>\n<td width=\"113\">28.03.<\/td>\n<td width=\"331\">Vok\u0101lo ansamb\u013cu sadzied\u0101\u0161an\u0101s sv\u0113tki<\/td>\n<td width=\"198\">M\u0101lupe<\/td>\n<\/tr>\n<tr>\n<td width=\"113\">29.03.<\/td>\n<td width=\"331\">Tautas muzikantu saiets<\/td>\n<td width=\"198\">Jaunanna<\/td>\n<\/tr>\n<tr>\n<td width=\"113\">&nbsp;<\/td>\n<td width=\"331\"><strong>APR\u012aLIS<\/strong><\/td>\n<td width=\"198\">&nbsp;<\/td>\n<\/tr>\n<tr>\n<td width=\"113\">03.-06.04.<\/td>\n<td width=\"331\">Lieldienu pas\u0101kumi<\/td>\n<td width=\"198\">Al\u016bksnes novads<\/td>\n<\/tr>\n<tr>\n<td width=\"113\">01.04.<\/td>\n<td width=\"331\">Al\u016bksnes, Gulbenes, Balvu novadu koru kopm\u0113\u0123in\u0101jums<\/td>\n<td width=\"198\">Al\u016bksnes Kult\u016bras centrs<\/td>\n<\/tr>\n<tr>\n<td width=\"113\">11.04.<\/td>\n<td width=\"331\">E, F, D grupu deju kolekt\u012bvu koncerts\/ skate<\/td>\n<td width=\"198\">Al\u016bksnes Kult\u016bras centrs<\/td>\n<\/tr>\n<tr>\n<td width=\"113\">18.04.<\/td>\n<td width=\"331\">Satiec savu meistaru!\u201d - nemateri\u0101l\u0101 kult\u016bras mantojuma saglab\u0101\u0161anas un t\u0101l\u0101knodo\u0161anas projekts<\/td>\n<td width=\"198\">M\u0101lupes Saieta nams<\/p>\n<p>Al\u016bksnes Kult\u016bras centrs<\/p>\n<\/td>\n<\/tr>\n<tr>\n<td width=\"113\">18.04.<\/td>\n<td width=\"331\">Al\u016bksnes M\u016bzikas skolai 80<\/td>\n<td width=\"198\">Al\u016bksnes Kult\u016bras centrs<\/td>\n<\/tr>\n<tr>\n<td width=\"113\">25.04.<\/td>\n<td width=\"331\">Vok\u0101l\u0101 ansamb\u013ca \u201cTik un t\u0101\u201d 20 gadu jubilejas koncerts<\/td>\n<td width=\"198\">Annas kult\u016bras nams<\/td>\n<\/tr>\n<tr>\n<td width=\"113\">&nbsp;<\/td>\n<td width=\"331\"><strong>MAIJS<\/strong><\/td>\n<td width=\"198\">&nbsp;<\/td>\n<\/tr>\n<tr>\n<td width=\"113\">01.05.<\/td>\n<td width=\"331\">Koru skate<\/td>\n<td width=\"198\">Gulbene<\/td>\n<\/tr>\n<tr>\n<td width=\"113\">04.05.<\/td>\n<td width=\"331\">Pa\u0161vald\u012bbas apbalvojumu \u201cPagodin\u0101jums kult\u016br\u0101\u201d, \u201cPagodin\u0101jums sport\u0101\u201d, \u201cPagodin\u0101jums izgl\u012bt\u012bb\u0101\u201d un \u201cPagodin\u0101jums uz\u0146\u0113m\u0113jdarb\u012bb\u0101\u201d, \u201cGada balva \u201cZelta bite\u201d\u201d pasnieg\u0161anas ceremonija un Latvijas Neatkar\u012bbas atjauno\u0161anas gadadienas pas\u0101kums<\/td>\n<td width=\"198\">Al\u016bksnes Kult\u016bras centrs<\/td>\n<\/tr>\n<tr>\n<td width=\"113\">9.05.<\/td>\n<td width=\"331\">Vok\u0101lo ansamb\u013cu sadzied\u0101\u0161an\u0101s sv\u0113tki<\/td>\n<td width=\"198\">Liepnas tautas nams<\/td>\n<\/tr>\n<tr>\n<td width=\"113\">9.05.-15.05.<\/td>\n<td width=\"331\">M\u0101tes un \u0122imenes dienu pas\u0101kumi<\/td>\n<td width=\"198\">Al\u016bksnes novads<\/td>\n<\/tr>\n<tr>\n<td width=\"113\">16.05.<\/td>\n<td width=\"331\">Muzeju nakts 2026<\/td>\n<td width=\"198\">Al\u016bksnes novada muzejs<\/td>\n<\/tr>\n<tr>\n<td width=\"113\">23.05.<\/td>\n<td width=\"331\">Rokdarbnieku saiets M\u0101lup\u0113<\/td>\n<td width=\"198\">M\u0101lupes Saieta nams<\/td>\n<\/tr>\n<tr>\n<td width=\"113\"><strong>\u00a0<\/strong><\/td>\n<td width=\"331\"><strong>J\u016aNIJS<\/strong><\/td>\n<td width=\"198\">&nbsp;<\/td>\n<\/tr>\n<tr>\n<td width=\"113\">J\u016bnijs-augusts<\/td>\n<td width=\"331\">Mazo formu pas\u0101kumu cikls \u201dKoncerti ar gar\u0161u\u201d<\/td>\n<td width=\"198\">Al\u016bksne<\/td>\n<\/tr>\n<tr>\n<td width=\"113\">06.06.<\/td>\n<td width=\"331\">Puna festiv\u0101ls<\/td>\n<td width=\"198\">Al\u016bksnes Kult\u016bras centrs<\/td>\n<\/tr>\n<tr>\n<td width=\"113\">06.06.<\/td>\n<td width=\"331\">Deju kopai \u201cJand\u0101ls\u201d 40. Koncertst\u0101sts \u201cAtz\u012b\u0161an\u0101s m\u012blest\u012bb\u0101 \u2026\u201d.<\/td>\n<td width=\"198\">Alsvi\u0137u br\u012bvdabas estr\u0101de<\/td>\n<\/tr>\n<tr>\n<td width=\"113\">13.06.<\/td>\n<td width=\"331\">Novada senioru sv\u0113tki \u201cGadu krell\u0113s\u201d<\/td>\n<td width=\"198\">M\u0101lupe<\/td>\n<\/tr>\n<tr>\n<td width=\"113\">14.06.<\/td>\n<td width=\"331\">Atceres pas\u0101kumi 1941. gada represij\u0101m<\/td>\n<td width=\"198\">Al\u016bksnes novads<\/td>\n<\/tr>\n<tr>\n<td width=\"113\">06.<\/td>\n<td width=\"331\">Al\u016bksnes novada bibliotek\u0101ru saiets<\/td>\n<td width=\"198\">Pededzes tautas nams<\/td>\n<\/tr>\n<tr>\n<td width=\"113\">20.-23.06.<\/td>\n<td width=\"331\">L\u012bgo un J\u0101\u0146u dienas pas\u0101kumi<\/td>\n<td width=\"198\">Al\u016bksnes novads<\/td>\n<\/tr>\n<tr>\n<td width=\"113\">27.06.<\/td>\n<td width=\"331\">P\u0113terdiena kop\u0101 ar Malienas \u013caud\u012bm (kopienu sv\u0113tki)<\/td>\n<td width=\"198\">Maliena<\/td>\n<\/tr>\n<tr>\n<td width=\"113\">&nbsp;<\/td>\n<td width=\"331\"><strong>J\u016aLIJS<\/strong><\/td>\n<td width=\"198\">&nbsp;<\/td>\n<\/tr>\n<tr>\n<td width=\"113\">04.07.<\/td>\n<td width=\"331\">Alsvi\u0137u pagasta Kopienas sv\u0113tki \u201cM\u016bs vieno m\u0101jas!\u201d<\/td>\n<td width=\"198\">Alsvi\u0137u pagasta teritorija, br\u012bvdabas estr\u0101de<\/td>\n<\/tr>\n<tr>\n<td width=\"113\">11.07.<\/td>\n<td width=\"331\">Jaunannas kopienas sv\u0113tki<\/td>\n<td width=\"198\">Jaunanna<\/td>\n<\/tr>\n<tr>\n<td width=\"113\">18.07.<\/td>\n<td width=\"331\">M\u0101rkalnes kopienas sv\u0113tki<\/td>\n<td width=\"198\">M\u0101rkalnes br\u012bvdabas estr\u0101d\u0113 \u201cLakst\u012bgalas\u201d<\/td>\n<\/tr>\n<tr>\n<td width=\"113\">18.07.<\/td>\n<td width=\"331\">Ilzenes pagasta Kopienas sv\u0113tki \u201cNekur nav tik labi, k\u0101 m\u0101j\u0101s \u2026\u201d<\/td>\n<td width=\"198\">Ilzenes pagasta teritorija, br\u012bvdabas estr\u0101de<\/td>\n<\/tr>\n<tr>\n<td width=\"113\"><strong>25.07.<\/strong><\/td>\n<td width=\"331\"><strong>Vispasaules Mal\u0113nie\u0161u sv\u0113tki<\/strong><\/td>\n<td width=\"198\"><strong>Jaunlaicene<\/strong><\/td>\n<\/tr>\n<tr>\n<td width=\"113\">25.07.<\/td>\n<td width=\"331\">Liepnas pagasta sv\u0113tki<\/td>\n<td width=\"198\">Liepnas pagasta br\u012bvdabas estr\u0101de \u2018\u2019Saidup\u012bte\u2019\u2019<\/td>\n<\/tr>\n<tr>\n<td width=\"113\">26.07.<\/td>\n<td width=\"331\">Saimnie\u010du dienas lustes<\/td>\n<td width=\"198\">Anna<\/td>\n<\/tr>\n<tr>\n<td width=\"113\">&nbsp;<\/td>\n<td width=\"331\"><strong>AUGUSTS<\/strong><\/td>\n<td width=\"198\">&nbsp;<\/td>\n<\/tr>\n<tr>\n<td width=\"113\"><strong>31.07.- 02.08.<\/strong><\/td>\n<td width=\"331\"><strong>Al\u016bksnes pils\u0113tas sv\u0113tki <\/strong><\/td>\n<td width=\"198\"><strong>Al\u016bksne<\/strong><\/td>\n<\/tr>\n<tr>\n<td width=\"113\">08.08.<\/td>\n<td width=\"331\">Koncertprogramma \u201cZelti\u0146os sv\u0113tki\u201d<\/td>\n<td width=\"198\">Zelti\u0146u estr\u0101de<\/td>\n<\/tr>\n<tr>\n<td width=\"113\">15.08.<\/td>\n<td width=\"331\">Annas kopienas sv\u0113tki<\/td>\n<td width=\"198\">Annas tautas nams un t\u0101 apk\u0101rtne<\/td>\n<\/tr>\n<tr>\n<td width=\"113\">15.08.<\/td>\n<td width=\"331\">Sv\u0113tki \u201cPededzes tautas namam 50\u201d<\/td>\n<td width=\"198\">Pededzes tautas nams<\/td>\n<\/tr>\n<tr>\n<td width=\"113\">15.08.<\/td>\n<td width=\"331\">Kopienas sv\u0113tki \u201cLabi kop\u0101 b\u016bt\u201d<\/td>\n<td width=\"198\">Veclaicene<\/td>\n<\/tr>\n<tr>\n<td width=\"113\">15.08.<\/td>\n<td width=\"331\">Pagasta kopienas sv\u0113tki<\/td>\n<td width=\"198\">Kalncempji<\/td>\n<\/tr>\n<tr>\n<td width=\"113\">22.08.<\/td>\n<td width=\"331\">M\u0101ju kafejn\u012bcas<\/td>\n<td width=\"198\">Al\u016bksnes novads<\/td>\n<\/tr>\n<tr>\n<td width=\"113\">23. 08.<\/td>\n<td width=\"331\">Baltijas ce\u013ca Atceres pas\u0101kumi<\/td>\n<td width=\"198\">Al\u016bksnes novads<\/td>\n<\/tr>\n<tr>\n<td width=\"113\">&nbsp;<\/td>\n<td width=\"331\"><strong>SEPTEMBRIS<\/strong><\/td>\n<td width=\"198\">&nbsp;<\/td>\n<\/tr>\n<tr>\n<td width=\"113\">05.09.<\/td>\n<td width=\"331\">B\u0101n\u012b\u0161a sv\u0113tki<\/td>\n<td width=\"198\">Al\u016bksnes B\u0101n\u012b\u0161a stacijas kvart\u0101ls<\/td>\n<\/tr>\n<tr>\n<td width=\"113\">12.09.<\/td>\n<td width=\"331\">P\u013caujas sv\u0113tki<\/td>\n<td width=\"198\">V.\u0136irpa Ates muzejs<\/td>\n<\/tr>\n<tr>\n<td width=\"113\">12. 09. (v\u0113l preciz\u0113jas)<\/td>\n<td width=\"331\">Eiropas Kult\u016bras mantojuma dienas. Kult\u016bras mantojums: kr\u012bzes un risin\u0101jumi.<\/td>\n<td width=\"198\">Al\u016bksnes novada muzejs<\/td>\n<\/tr>\n<tr>\n<td width=\"113\">09.<\/td>\n<td width=\"331\">Dzejas dienu pas\u0101kumi<\/td>\n<td width=\"198\">Al\u016bksnes novads<\/td>\n<\/tr>\n<tr>\n<td width=\"113\">26.09.<\/td>\n<td width=\"331\">Senioru korim BR\u016aKLEN\u0100JS- 65. Jubilejas koncerts<\/td>\n<td width=\"198\">Al\u016bksnes Kult\u016bras centrs<\/td>\n<\/tr>\n<tr>\n<td width=\"113\">&nbsp;<\/td>\n<td width=\"331\"><strong>OKTOBRIS<\/strong><\/td>\n<td width=\"198\">&nbsp;<\/td>\n<\/tr>\n<tr>\n<td width=\"113\">01.10.<\/td>\n<td width=\"331\">Starptautiskajai senioru dienai velt\u012bts pas\u0101kums<\/td>\n<td width=\"198\">Al\u016bksnes Kult\u016bras centrs<\/td>\n<\/tr>\n<tr>\n<td width=\"113\">24.10.<\/td>\n<td width=\"331\">Vok\u0101lo ansamb\u013cu sadzied\u0101\u0161an\u0101s sv\u0113tki<\/td>\n<td width=\"198\">M\u0101rkalnes tautas nams<\/td>\n<\/tr>\n<tr>\n<td width=\"113\">24.10.<\/td>\n<td width=\"331\">Rudens ra\u017eas sv\u0113tki<\/td>\n<td width=\"198\">Ilzene<\/td>\n<\/tr>\n<tr>\n<td width=\"113\">24.10.<\/td>\n<td width=\"331\">Gr\u0101matu un Dzejas sv\u0113tki<\/td>\n<td width=\"198\">Al\u016bksnes Kult\u016bras centrs<\/td>\n<\/tr>\n<tr>\n<td width=\"113\">31.10<\/td>\n<td width=\"331\">Le\u0123endu nakts 2026<\/td>\n<td width=\"198\">Al\u016bksnes novada muzejs<\/td>\n<\/tr>\n<tr>\n<td width=\"113\">&nbsp;<\/td>\n<td width=\"331\"><strong>NOVEMBRIS<\/strong><\/td>\n<td width=\"198\">&nbsp;<\/td>\n<\/tr>\n<tr>\n<td width=\"113\">11.11.<\/td>\n<td width=\"331\">L\u0101\u010dpl\u0113\u0161a diena. Atceres pas\u0101kumi un l\u0101pu g\u0101jieni<\/td>\n<td width=\"198\">Al\u016bksnes novads<\/td>\n<\/tr>\n<tr>\n<td width=\"113\">15.-18.11.<\/td>\n<td width=\"331\">Latvijas proklam\u0113\u0161anas gadadienas pas\u0101kumi<\/td>\n<td width=\"198\">Al\u016bksnes novads<\/td>\n<\/tr>\n<tr>\n<td width=\"113\">18.11.<\/td>\n<td width=\"331\">Pa\u0161vald\u012bbas apbalvojuma \u201cSudraba z\u012ble\u201d pasnieg\u0161anas ceremonija un Latvijas proklam\u0113\u0161anas gadadienas svin\u012bgs pas\u0101kums, sv\u0113tku balle<\/td>\n<td width=\"198\">Al\u016bksnes Kult\u016bras centrs<\/td>\n<\/tr>\n<tr>\n<td width=\"113\">28.11.<\/td>\n<td width=\"331\">Amatierte\u0101tru sv\u0113tki\/ skate<\/td>\n<td width=\"198\">Al\u016bksnes Kult\u016bras centrs<\/td>\n<\/tr>\n<tr>\n<td width=\"113\">&nbsp;<\/td>\n<td width=\"331\"><strong>DECEMBRIS<\/strong><\/td>\n<td width=\"198\">&nbsp;<\/td>\n<\/tr>\n<tr>\n<td width=\"113\">05.12.<\/td>\n<td width=\"331\">Novada galven\u0101s egles iedeg\u0161ana<\/td>\n<td width=\"198\">Al\u016bksne<\/td>\n<\/tr>\n<tr>\n<td width=\"113\">12.-26.12.<\/td>\n<td width=\"331\">Ziemassv\u0113tku pas\u0101kumi, koncerti<\/td>\n<td width=\"198\">Al\u016bksnes novads<\/td>\n<\/tr>\n<tr>\n<td width=\"113\">13.12.<\/td>\n<td width=\"331\">Ziemassv\u0113tku tirdzi\u0146\u0161<\/td>\n<td width=\"198\">Al\u016bksne<\/td>\n<\/tr>\n<tr>\n<td width=\"113\">12.12.<\/td>\n<td width=\"331\">Tradicion\u0101lais Ziemassv\u0113tku sar\u012bkojums novada senioriem \u201cZiemassv\u0113tkus gaidot\u2026\u201d<\/td>\n<td width=\"198\">Pededzes tautas nams<\/td>\n<\/tr>\n<tr>\n<td width=\"113\">27.12.-01.01.<\/td>\n<td width=\"331\">Jaungada pas\u0101kumi, balles novad\u0101<\/td>\n<td width=\"198\">Al\u016bksnes novads<\/td>\n<\/tr>\n<\/tbody>\n<\/table>\n<h2 style=\"text-align: center;\"><\/h2>\n<\/div>\n<\/div><\/div><\/div><div id=\"pgc-372-0-1\"  class=\"panel-grid-cell\" >\t\t<style type=\"text\/css\">\n\t\t\t#accordeconck1 { margin:0;padding:0; }\n#accordeconck1 .accordeonck_desc { display:block; }\n#accordeconck1 li.accordeonck { list-style: none;overflow: hidden; margin: 0;}\n#accordeconck1 ul[class^=\"content\"] { margin:0;padding:0;width:auto; }\n#accordeconck1 li.accordeonck > span { position: relative; display: block; }\n#accordeconck1 li.accordeonck.parent > span { padding-right: 20px;}\n#accordeconck1 li.parent > span span.toggler_icon { position: absolute; cursor: pointer; display: block; height: 100%; z-index: 10;right:0; background: url(https:\/\/aluksne.lv\/wp-content\/plugins\/accordeon-menu-ck\/images\/plus.png) center center no-repeat !important;width: 20px;}\n#accordeconck1 li.parent.open > span span.toggler_icon { right:0; background: url(https:\/\/aluksne.lv\/wp-content\/plugins\/accordeon-menu-ck\/images\/minus.png) center center no-repeat !important;}\n#accordeconck1 li.accordeonck.level2 > span { }\n#accordeconck1 li.level3 li.accordeonck > span { }\n#accordeconck1 a.accordeonck { display: block;text-decoration: none; }\n#accordeconck1 a.accordeonck:hover { text-decoration: none; }\n#accordeconck1 li.parent > span a { display: block;outline: none; }\n#accordeconck1 li.parent.open > span a {  }\n#accordeconck1 li.level2.parent > span span.toggler_icon { right:0;display: block;outline: none;background: url(https:\/\/aluksne.lv\/wp-content\/plugins\/accordeon-menu-ck\/images\/plus.png) center center no-repeat !important; }\n#accordeconck1 li.level2.parent.open > span span.toggler_icon { background: url(https:\/\/aluksne.lv\/wp-content\/plugins\/accordeon-menu-ck\/images\/minus.png) center center no-repeat !important; }\n#accordeconck1 li.level2 li.accordeonck.parent > span span.toggler_icon { right:0;display: block;outline: none;background: url(https:\/\/aluksne.lv\/wp-content\/plugins\/accordeon-menu-ck\/images\/plus.png) center center no-repeat !important; }\n#accordeconck1 li.level2 li.accordeonck.open.parent > span span.toggler_icon { background: url(https:\/\/aluksne.lv\/wp-content\/plugins\/accordeon-menu-ck\/images\/minus.png) center center no-repeat !important; }\n#accordeconck1  {\n\tbackground: #86C2DB;\n\tbackground-size: auto;\tbackground-image: -o-linear-gradient(center top,#86C2DB, #86C2DB 100%);\n\tbackground-image: -webkit-gradient(linear, left top, left bottom,from(#86C2DB), color-stop(100%, #86C2DB));\n\tbackground-image: -moz-linear-gradient(center top,#86C2DB, #86C2DB 100%);\n\tbackground-image: linear-gradient(to bottom,#86C2DB, #86C2DB 100%);\n\tborder-top: none;\n\tborder-bottom: none;\n\tborder-left: none;\n\tborder-right: none;\n\tpadding-top: 5px;\n\tpadding-right: 5px;\n\tpadding-bottom: 5px;\n\tpadding-left: 5px;\n\tfont-family: ;\n}\n\n#accordeconck1  a {\n\tfont-family: ;\n}\n\n#accordeconck1 li.level1 > span a {\n\tcolor: #FFFFFF;\n\tpadding-top: 5px;\n\tpadding-right: 5px;\n\tpadding-bottom: 5px;\n\tpadding-left: 5px;\n\tfont-size: 15px;\n}\n\n#accordeconck1 li.level1 > span a a {\n\tcolor: #FFFFFF;\n\tfont-size: 15px;\n}\n\n#accordeconck1 li.level1 > span .accordeonck_desc {\n\tfont-size: 10px;\n}\n\n#accordeconck1 li.level1 > span .accordeonck_desc a {\n\tfont-size: 10px;\n}\n\n#accordeconck1 li.level1:hover > span a {\n\tcolor: #000000;\n}\n\n#accordeconck1 li.level1:hover > span a a {\n\tcolor: #000000;\n}\n\n#accordeconck1 li.level1 > ul {\n\tbackground-size: auto;\tfont-family: ;\n}\n\n#accordeconck1 li.level1 > ul a {\n\tfont-family: ;\n}\n\n#accordeconck1 li.level2 > span a {\n\tcolor: #636363;\n\tpadding-top: 5px;\n\tpadding-bottom: 5px;\n\tpadding-left: 15px;\n}\n\n#accordeconck1 li.level2 > span a a {\n\tcolor: #636363;\n}\n\n#accordeconck1 li.level2:hover > span a {\n\tcolor: #000000;\n}\n\n#accordeconck1 li.level2:hover > span a a {\n\tcolor: #000000;\n}\n\n#accordeconck1 li.level2 ul[class^=\"content\"] {\n\tbackground-size: auto;\tfont-family: ;\n}\n\n#accordeconck1 li.level2 ul[class^=\"content\"] a {\n\tfont-family: ;\n}\n\n#accordeconck1 li.level2 li.accordeonck > span a {\n\tcolor: #636363;\n\tpadding-top: 2px;\n\tpadding-bottom: 2px;\n\tpadding-left: 20px;\n}\n\n#accordeconck1 li.level2 li.accordeonck > span a a {\n\tcolor: #636363;\n}\n\n#accordeconck1 li.level2 li.accordeonck:hover > span a {\n\tcolor: #000000;\n}\n\n#accordeconck1 li.level2 li.accordeonck:hover > span a a {\n\tcolor: #000000;\n}\t\t<\/style>\n\t\t<div id=\"panel-372-0-1-0\" class=\"so-panel widget widget_accordeon-menu-ck panel-first-child panel-last-child\" data-index=\"1\" ><ul id=\"accordeconck1\" class=\"menu\"><li id=\"menu-item-2259\" class=\"menu-item menu-item-type-post_type menu-item-object-page accordeonck menu-item-2259 level1\"><span class=\"accordeonck_outer \"><a href=\"https:\/\/aluksne.lv\/index.php\/kultura\/bibliotekas\/\" class=\"accordeonck\">Al\u016bksnes novada bibliot\u0113ka<\/a><\/span><\/li>\n<li id=\"menu-item-846\" class=\"menu-item menu-item-type-post_type menu-item-object-page accordeonck menu-item-846 level1\"><span class=\"accordeonck_outer \"><a href=\"https:\/\/aluksne.lv\/index.php\/kultura\/muzeji\/\" class=\"accordeonck\">Al\u016bksnes novada muzejs<\/a><\/span><\/li>\n<li id=\"menu-item-2260\" class=\"menu-item menu-item-type-post_type menu-item-object-page accordeonck menu-item-2260 level1\"><span class=\"accordeonck_outer \"><a href=\"https:\/\/aluksne.lv\/index.php\/kultura\/gada-lielakie-kulturas-pasakumi\/\" class=\"accordeonck\">Al\u016bksnes novada noz\u012bm\u012bg\u0101kie pas\u0101kumi 2026. gad\u0101<\/a><\/span><\/li>\n<li id=\"menu-item-2261\" class=\"menu-item menu-item-type-post_type menu-item-object-page accordeonck menu-item-2261 level1\"><span class=\"accordeonck_outer \"><a href=\"https:\/\/aluksne.lv\/index.php\/kultura\/kulturas-pasakumu-menesa-plans\/\" class=\"accordeonck\">Kult\u016bras pas\u0101kumu m\u0113ne\u0161a pl\u0101ns<\/a><\/span><\/li>\n<\/ul>\t\t<script type=\"text\/javascript\"> <!--\n\t\t\n\t\t\tjQuery(document).ready(function(){\n\t\t\t\tjQuery('#accordeconck1').accordeonmenuck({eventtype : 'click',transition : 'linear',showactive : '1',showactivesubmenu : '0',duree : 500});\n\t\t\t}); \t\t\/\/--> <\/script>\n\t\t<\/div><\/div><\/div><\/div>","protected":false},"excerpt":{"rendered":"<p>&nbsp; Norises laiks Pas\u0101kums Norises vieta &nbsp; JANV\u0100RIS &nbsp; 10.01. Pianista Vestarda \u0160imkus koncerts Al\u016bksnes Kult\u016bras centrs 17.-20.01. Barik\u0101d\u0113m 35 Al\u016bksnes novads 17.01. Laurim Amantovam-50. Jubilejas koncerts Al\u016bksnes Kult\u016bras centrs 24.01. Latvijas Pr\u0101ta sp\u0113les Al\u016bksnes Kult\u016bras centrs 31.01. Piemi\u0146as gr\u0101matas&#8230;<br \/><a class=\"read-more-button\" href=\"https:\/\/aluksne.lv\/index.php\/kultura\/gada-lielakie-kulturas-pasakumi\/\">Las\u012bt visu<\/a><\/p>\n","protected":false},"author":1,"featured_media":0,"parent":8,"menu_order":0,"comment_status":"closed","ping_status":"closed","template":"","meta":{"_crdt_document":"","_monsterinsights_skip_tracking":false,"_monsterinsights_sitenote_active":false,"_monsterinsights_sitenote_note":"","_monsterinsights_sitenote_category":0,"footnotes":"","_links_to":"","_links_to_target":""},"class_list":["post-372","page","type-page","status-publish","hentry"],"_links":{"self":[{"href":"https:\/\/aluksne.lv\/index.php\/wp-json\/wp\/v2\/pages\/372","targetHints":{"allow":["GET"]}}],"collection":[{"href":"https:\/\/aluksne.lv\/index.php\/wp-json\/wp\/v2\/pages"}],"about":[{"href":"https:\/\/aluksne.lv\/index.php\/wp-json\/wp\/v2\/types\/page"}],"author":[{"embeddable":true,"href":"https:\/\/aluksne.lv\/index.php\/wp-json\/wp\/v2\/users\/1"}],"replies":[{"embeddable":true,"href":"https:\/\/aluksne.lv\/index.php\/wp-json\/wp\/v2\/comments?post=372"}],"version-history":[{"count":0,"href":"https:\/\/aluksne.lv\/index.php\/wp-json\/wp\/v2\/pages\/372\/revisions"}],"up":[{"embeddable":true,"href":"https:\/\/aluksne.lv\/index.php\/wp-json\/wp\/v2\/pages\/8"}],"wp:attachment":[{"href":"https:\/\/aluksne.lv\/index.php\/wp-json\/wp\/v2\/media?parent=372"}],"curies":[{"name":"wp","href":"https:\/\/api.w.org\/{rel}","templated":true}]}}